{"id":1823,"date":"2025-11-24T10:57:12","date_gmt":"2025-11-24T10:57:12","guid":{"rendered":"https:\/\/upfarming.org\/?page_id=1823"},"modified":"2026-04-17T09:57:20","modified_gmt":"2026-04-17T08:57:20","slug":"sobre-nos","status":"publish","type":"page","link":"https:\/\/upfarming.org\/pt-pt\/sobre-nos\/","title":{"rendered":"Sobre N\u00f3s"},"content":{"rendered":"<div class=\"wpb-content-wrapper\"><p>[vc_row full_height=&#8221;yes&#8221; content_placement=&#8221;middle&#8221; el_id=&#8221;new-hero&#8221; el_class=&#8221;hero-box&#8221;][vc_column width=&#8221;5\/12&#8243;][vc_column_text css=&#8221;&#8221;]<\/p>\r\n<h2 class=\"headline\"><span class=\"underline-svg\">Compromisso<\/span><br \/><span class=\"underline-svg underline-svg-short\">Upfarming<\/span><\/h2>\r\n<p>[\/vc_column_text][vc_column_text css=&#8221;&#8221;]<\/p>\r\n<h3>A miss\u00e3o da Upfarming \u00e9 promover a literacia alimentar, o desenvolvimento comunit\u00e1rio e o bem-estar urbano atrav\u00e9s de projetos hol\u00edsticos de agricultura urbana.<\/h3>\r\n<p>[\/vc_column_text][vc_column_text css=&#8221;&#8221;]A nossa vis\u00e3o \u00e9 transformar as cidades em espa\u00e7os comest\u00edveis, combinando a produtividade da agricultura vertical com os benef\u00edcios terap\u00eauticos das hortas comunit\u00e1rias, compostores e agroflorestas, criando ambientes mais saud\u00e1veis, resilientes e sustent\u00e1veis.[\/vc_column_text][vc_row_inner][vc_column_inner css=&#8221;.vc_custom_1763120555665{margin-top: 35px !important;}&#8221;][vc_btn title=&#8221;Equipa&#8221; css=&#8221;.vc_custom_1773938485955{margin-right: 12px !important;background-color: #FFFFFF00 !important;border-color: #21472E !important;}&#8221; el_class=&#8221;button-link&#8221; link=&#8221;url:%23membros&#8221;][vc_btn title=&#8221;Especialistas&#8221; css=&#8221;.vc_custom_1773938481114{margin-right: 12px !important;background-color: #FFFFFF00 !important;border-color: #21472E !important;}&#8221; el_class=&#8221;button-link&#8221; link=&#8221;url:%23especialistas&#8221;][vc_btn title=&#8221;Comunica\u00e7\u00e3o&#8221; css=&#8221;.vc_custom_1773938548864{margin-right: 12px !important;background-color: #FFFFFF00 !important;border-color: #21472E !important;}&#8221; el_class=&#8221;button-link&#8221; link=&#8221;url:%23comunicacao&#8221;][vc_btn title=&#8221;hist\u00f3ria&#8221; css=&#8221;.vc_custom_1773938561921{margin-right: 12px !important;background-color: #FFFFFF00 !important;border-color: #21472E !important;}&#8221; el_class=&#8221;button-link&#8221; link=&#8221;url:%23timeline&#8221;][vc_btn title=&#8221;Pr\u00e9mios&#8221; css=&#8221;.vc_custom_1773938582502{margin-right: 12px !important;background-color: #FFFFFF00 !important;border-color: #21472E !important;}&#8221; el_class=&#8221;button-link&#8221; link=&#8221;url:%23merito&#8221;][\/vc_column_inner][\/vc_row_inner][\/vc_column][vc_column width=&#8221;7\/12&#8243;][vc_single_image image=&#8221;1938&#8243; img_size=&#8221;full&#8221; alignment=&#8221;center&#8221; css=&#8221;&#8221; el_class=&#8221;hero-image&#8221;][\/vc_column][\/vc_row][vc_row content_placement=&#8221;middle&#8221;][vc_column][vc_single_image image=&#8221;1825&#8243; img_size=&#8221;full&#8221; css=&#8221;&#8221;][\/vc_column][\/vc_row][vc_row el_id=&#8221;membros&#8221;][vc_column][vc_row_inner][vc_column_inner][vc_column_text css=&#8221;.vc_custom_1763983734315{margin-bottom: 32px !important;}&#8221;]<\/p>\r\n<h2 style=\"text-align: center;\"><span class=\"underline-svg\">A nossa equipa<\/span><\/h2>\r\n<p>[\/vc_column_text][vc_column_text css=&#8221;.vc_custom_1772533627131{margin-bottom: 60px !important;}&#8221; el_class=&#8221;team-intro&#8221;]<\/p>\r\n<h3 style=\"text-align: center;\">A nossa equipa conta com 8 profissionais de \u00e1reas diversas, desde a agronomia, \u00e0 biologia, arquitetura, ci\u00eancia pol\u00edtica, psicologia e economia. Acreditamos que a multidisciplinariedade da nossa equipa enriquece os nossos projetos no terreno.<\/h3>\r\n<p>[\/vc_column_text][\/vc_column_inner][\/vc_row_inner][vc_row_inner gap=&#8221;30&#8243;][vc_column_inner el_class=&#8221;new-testemunhos-card&#8221; width=&#8221;1\/4&#8243;][vc_single_image image=&#8221;2725&#8243; img_size=&#8221;full&#8221; alignment=&#8221;center&#8221; css=&#8221;&#8221;][vc_column_text css=&#8221;.vc_custom_1763983197397{margin-top: 30px !important;margin-bottom: 8px !important;border-color: #22472E !important;}&#8221;]<\/p>\r\n<h4 style=\"text-align: left;\">Tiago S\u00e1 Gomes<\/h4>\r\n<p>[\/vc_column_text][vc_column_text css=&#8221;.vc_custom_1776415804932{margin-top: 0px !important;margin-bottom: 20px !important;border-bottom-width: 1px !important;padding-bottom: 20px !important;border-bottom-style: solid !important;border-color: #22472E !important;}&#8221;]<\/p>\r\n<p class=\"paragraph-uppercase\">COFUNDADOR<\/p>\r\n<p>[\/vc_column_text][vc_column_text css=&#8221;&#8221;]<\/p>\r\n<div>Co-fundador do Parto Atelier, um est\u00fadio de arquitectura sediado em Lisboa. Para al\u00e9m da pr\u00e1tica profissional, tem desenvolvido projectos comunit\u00e1rios centrados na ecologia, horticultura e sustentabilidade em contexto urbano. Entre os projectos recentes destacam-se o Abrigo da Horta FCUL, a Rede de Vermicompostagem da Mouraria Composta e a Plataforma de Compostagem do Museu de Lisboa. \u00c9 co-fundador da Upfarming.<strong><br \/><\/strong><\/div>\r\n<p>[\/vc_column_text][\/vc_column_inner][vc_column_inner el_class=&#8221;new-testemunhos-card&#8221; width=&#8221;1\/4&#8243;][vc_single_image image=&#8221;2234&#8243; img_size=&#8221;full&#8221; alignment=&#8221;center&#8221; css=&#8221;&#8221;][vc_column_text css=&#8221;.vc_custom_1763983412573{margin-top: 30px !important;margin-bottom: 8px !important;border-color: #22472E !important;}&#8221;]<\/p>\r\n<h4>Margarida Villas-Boas<\/h4>\r\n<p>[\/vc_column_text][vc_column_text css=&#8221;.vc_custom_1776415821820{margin-top: 0px !important;margin-bottom: 20px !important;border-bottom-width: 1px !important;padding-bottom: 20px !important;border-bottom-style: solid !important;border-color: #22472E !important;}&#8221;]<\/p>\r\n<p class=\"paragraph-uppercase\">COFUNDADORA<\/p>\r\n<p>[\/vc_column_text][vc_column_text css=&#8221;&#8221;]<\/p>\r\n<div>Licenciada em Economia pela Universidade Nova de Lisboa e com mestrado em\u00a0<em>Climate Change and Development<\/em>\u00a0pela University of London, iniciou o seu percurso em marketing em multinacionais como a Unilever e a Danone. Em Londres, transitou para o terceiro setor, onde liderou o fundraising da Ace Africa, quadruplicando o rendimento anual e reestruturando a opera\u00e7\u00e3o. Ap\u00f3s 17 anos fora, regressa a Portugal para co-fundar a Upfarming, onde cruza estrat\u00e9gia, impacto social e sustentabilidade.<\/div>\r\n<p>[\/vc_column_text][\/vc_column_inner][vc_column_inner el_class=&#8221;new-testemunhos-card&#8221; width=&#8221;1\/4&#8243;][vc_single_image image=&#8221;2739&#8243; img_size=&#8221;full&#8221; alignment=&#8221;center&#8221; css=&#8221;&#8221;][vc_column_text css=&#8221;.vc_custom_1763983421333{margin-top: 30px !important;margin-bottom: 8px !important;border-color: #22472E !important;}&#8221;]<\/p>\r\n<h4>Jos\u00e9 Tavares<\/h4>\r\n<p>[\/vc_column_text][vc_column_text css=&#8221;.vc_custom_1776415859946{margin-top: 0px !important;margin-bottom: 20px !important;border-bottom-width: 1px !important;padding-bottom: 20px !important;border-bottom-style: solid !important;border-color: #22472E !important;}&#8221;]<\/p>\r\n<p class=\"paragraph-uppercase\">GESTOR DE OPERA\u00c7\u00d5ES<\/p>\r\n<p>[\/vc_column_text][vc_column_text css=&#8221;&#8221;]<\/p>\r\n<div>Licenciado em Hist\u00f3ria e em Engenharia Agron\u00f3mica, est\u00e1 actualmente a concluir o mestrado em Agronomia. Ao longo do seu percurso, tem aprofundado interesses nas \u00e1reas da ecologia e dos direitos humanos, tendo sido membro e coordenador do Grupo Local de Leiria da Amnistia Internacional. Est\u00e1 tamb\u00e9m envolvido na co-funda\u00e7\u00e3o da cooperativa integral C\u00e1psula.<\/div>\r\n<p>[\/vc_column_text][\/vc_column_inner][vc_column_inner el_class=&#8221;new-testemunhos-card&#8221; width=&#8221;1\/4&#8243;][vc_single_image image=&#8221;2727&#8243; img_size=&#8221;full&#8221; alignment=&#8221;center&#8221; css=&#8221;&#8221;][vc_column_text css=&#8221;.vc_custom_1763983429524{margin-top: 30px !important;margin-bottom: 8px !important;border-color: #22472E !important;}&#8221;]<\/p>\r\n<h4>Madalena Ayres Horta<\/h4>\r\n<p>[\/vc_column_text][vc_column_text css=&#8221;.vc_custom_1776415896884{margin-top: 0px !important;margin-bottom: 20px !important;border-bottom-width: 1px !important;padding-bottom: 20px !important;border-bottom-style: solid !important;border-color: #22472E !important;}&#8221;]<\/p>\r\n<p class=\"paragraph-uppercase\">GESTORA DE PROJETOS E FUNDRAISING<\/p>\r\n<p>[\/vc_column_text][vc_column_text css=&#8221;&#8221;]<\/p>\r\n<div>Licenciada em Biologia Ambiental pela Universidade de Lisboa e mestre em Gest\u00e3o e Conserva\u00e7\u00e3o de Recursos Naturais pela Universidade de \u00c9vora. A sua disserta\u00e7\u00e3o incidiu sobre sistemas descentralizados de gest\u00e3o de res\u00edduos org\u00e2nicos em meio urbano. No CE3C, trabalhou como gestora j\u00fanior no \u00e2mbito do projeto UrbanA \u2013\u00a0<em>Urban Arenas for Sustainable and Just Cities<\/em>.<\/div>\r\n<p>[\/vc_column_text][\/vc_column_inner][\/vc_row_inner][vc_row_inner gap=&#8221;30&#8243;][vc_column_inner el_class=&#8221;new-testemunhos-card&#8221; width=&#8221;1\/4&#8243;][vc_single_image image=&#8221;2236&#8243; img_size=&#8221;full&#8221; alignment=&#8221;center&#8221; css=&#8221;&#8221;][vc_column_text css=&#8221;.vc_custom_1763983454923{margin-top: 30px !important;margin-bottom: 8px !important;border-color: #22472E !important;}&#8221;]<\/p>\r\n<h4 style=\"text-align: left;\">Tom\u00e1s Seatra<\/h4>\r\n<p>[\/vc_column_text][vc_column_text css=&#8221;.vc_custom_1776415931254{margin-top: 0px !important;margin-bottom: 20px !important;border-bottom-width: 1px !important;padding-bottom: 20px !important;border-bottom-style: solid !important;border-color: #22472E !important;}&#8221;]<\/p>\r\n<p class=\"paragraph-uppercase\">GESTOR DE OPERA\u00c7\u00d5ES AML<\/p>\r\n<p>[\/vc_column_text][vc_column_text css=&#8221;&#8221;]<\/p>\r\n<div>Licenciado em Biologia, deu continuidade ao seu percurso acad\u00e9mico com o mestrado em Ecologia e Gest\u00e3o Ambiental. Durante este per\u00edodo, realizou um est\u00e1gio num projeto de educa\u00e7\u00e3o ambiental da Liga para a Prote\u00e7\u00e3o da Natureza. Tem particular interesse na promo\u00e7\u00e3o de rela\u00e7\u00f5es mais pr\u00f3ximas e sustent\u00e1veis entre cidad\u00e3os e ambiente.<\/div>\r\n<p>[\/vc_column_text][\/vc_column_inner][vc_column_inner el_class=&#8221;new-testemunhos-card&#8221; width=&#8221;1\/4&#8243;][vc_single_image image=&#8221;2242&#8243; img_size=&#8221;full&#8221; alignment=&#8221;center&#8221; css=&#8221;&#8221;][vc_column_text css=&#8221;.vc_custom_1763983464194{margin-top: 30px !important;margin-bottom: 8px !important;border-color: #22472E !important;}&#8221;]<\/p>\r\n<h4>Sofia Silva<\/h4>\r\n<p>[\/vc_column_text][vc_column_text css=&#8221;.vc_custom_1776415958114{margin-top: 0px !important;margin-bottom: 20px !important;border-bottom-width: 1px !important;padding-bottom: 20px !important;border-bottom-style: solid !important;border-color: #22472E !important;}&#8221;]<\/p>\r\n<p class=\"paragraph-uppercase\">GESTORA DE PROJETOS<\/p>\r\n<p>[\/vc_column_text][vc_column_text css=&#8221;&#8221;]<\/p>\r\n<div>Licenciada em Ci\u00eancia Pol\u00edtica e Rela\u00e7\u00f5es Internacionais e mestre em Pol\u00edticas P\u00fablicas. A sua disserta\u00e7\u00e3o centrou-se no desenvolvimento comunit\u00e1rio no \u00e2mbito do programa TEIP. Tem experi\u00eancia em projetos nas \u00e1reas educativa e social, destacando-se o seu trabalho na Associa\u00e7\u00e3o EPIS.<\/div>\r\n<p>[\/vc_column_text][\/vc_column_inner][vc_column_inner el_class=&#8221;new-testemunhos-card&#8221; width=&#8221;1\/4&#8243;][vc_single_image image=&#8221;2244&#8243; img_size=&#8221;full&#8221; alignment=&#8221;center&#8221; css=&#8221;&#8221;][vc_column_text css=&#8221;.vc_custom_1763983472618{margin-top: 30px !important;margin-bottom: 8px !important;border-color: #22472E !important;}&#8221;]<\/p>\r\n<h4>Ana Rita Vieira<\/h4>\r\n<p>[\/vc_column_text][vc_column_text css=&#8221;.vc_custom_1776415990274{margin-top: 0px !important;margin-bottom: 20px !important;border-bottom-width: 1px !important;padding-bottom: 20px !important;border-bottom-style: solid !important;border-color: #22472E !important;}&#8221;]<\/p>\r\n<p class=\"paragraph-uppercase\">PSIC\u00d3LOGA<\/p>\r\n<p>[\/vc_column_text][vc_column_text css=&#8221;&#8221;]<\/p>\r\n<div>Psic\u00f3loga nas \u00e1reas do Trabalho, Social e das Organiza\u00e7\u00f5es. O seu percurso tem-se centrado no desenvolvimento de projetos com impacto social, atrav\u00e9s da mobiliza\u00e7\u00e3o de pessoas e organiza\u00e7\u00f5es. Para al\u00e9m do seu trabalho na Upfarming, \u00e9 doutoranda na Universidade de Coimbra, onde investiga a rela\u00e7\u00e3o entre pr\u00e1ticas organizacionais, trabalho digno e bem-estar.<\/div>\r\n<p>[\/vc_column_text][\/vc_column_inner][vc_column_inner el_class=&#8221;new-testemunhos-card&#8221; width=&#8221;1\/4&#8243;][vc_single_image image=&#8221;2729&#8243; img_size=&#8221;full&#8221; alignment=&#8221;center&#8221; css=&#8221;&#8221;][vc_column_text css=&#8221;.vc_custom_1763983482907{margin-top: 30px !important;margin-bottom: 8px !important;border-color: #22472E !important;}&#8221;]<\/p>\r\n<h4>Eunice Barroso<\/h4>\r\n<p>[\/vc_column_text][vc_column_text css=&#8221;.vc_custom_1776416022473{margin-top: 0px !important;margin-bottom: 20px !important;border-bottom-width: 1px !important;padding-bottom: 20px !important;border-bottom-style: solid !important;border-color: #22472E !important;}&#8221;]<\/p>\r\n<p class=\"paragraph-uppercase\">GESTORA FINANCEIRA<\/p>\r\n<p>[\/vc_column_text][vc_column_text css=&#8221;&#8221;]<\/p>\r\n<div>Licenciada em Contabilidade e Administra\u00e7\u00e3o e com p\u00f3s-gradua\u00e7\u00e3o em An\u00e1lise Financeira pelo ISCAL, iniciou o seu percurso como t\u00e9cnica de contabilidade. Conta com mais de 15 anos de experi\u00eancia nas \u00e1reas de contabilidade e administra\u00e7\u00e3o. Mais recentemente, complementou o seu percurso com forma\u00e7\u00f5es em Permacultura, Coaching e Chief Happiness Officer.<\/div>\r\n<p>[\/vc_column_text][\/vc_column_inner][\/vc_row_inner][\/vc_column][\/vc_row][vc_row el_id=&#8221;especialistas&#8221; el_class=&#8221;team-members-box&#8221;][vc_column][vc_row_inner][vc_column_inner][vc_column_text css=&#8221;.vc_custom_1764152816290{margin-bottom: 60px !important;}&#8221;]<\/p>\r\n<h2 style=\"text-align: center;\">Os nossos parceiros<br \/><span class=\"underline-svg\">especialistas<\/span><\/h2>\r\n<p>[\/vc_column_text][\/vc_column_inner][\/vc_row_inner][vc_row_inner gap=&#8221;20&#8243; css=&#8221;.vc_custom_1763466048632{margin-right: 0px !important;margin-left: 0px !important;}&#8221; el_class=&#8221;testemunhos-cards&#8221;][vc_column_inner el_class=&#8221;new-testemunhos-card&#8221; width=&#8221;3\/12&#8243;][vc_column_text css=&#8221;&#8221;]<\/p>\r\n<h3 style=\"text-align: center;\">Horta Horizontal<\/h3>\r\n<p>[\/vc_column_text][\/vc_column_inner][vc_column_inner width=&#8221;6\/12&#8243;][vc_column_text css=&#8221;&#8221;]<\/p>\r\n<h3 style=\"text-align: center;\">Agrofloresta &amp; Compostagem<\/h3>\r\n<p>[\/vc_column_text][\/vc_column_inner][vc_column_inner width=&#8221;3\/12&#8243;][vc_column_text css=&#8221;&#8221;]<\/p>\r\n<h3 style=\"text-align: center;\">Alimenta\u00e7\u00e3o Saud\u00e1vel<\/h3>\r\n<p>[\/vc_column_text][\/vc_column_inner][\/vc_row_inner][vc_row_inner gap=&#8221;20&#8243; css=&#8221;.vc_custom_1763466048632{margin-right: 0px !important;margin-left: 0px !important;}&#8221; el_class=&#8221;testemunhos-cards&#8221;][vc_column_inner el_class=&#8221;new-testemunhos-card&#8221; width=&#8221;1\/4&#8243;][vc_single_image image=&#8221;2731&#8243; img_size=&#8221;full&#8221; alignment=&#8221;center&#8221; css=&#8221;.vc_custom_1770648077575{margin-bottom: 20px !important;}&#8221;][vc_column_text css=&#8221;&#8221;]<\/p>\r\n<h4 style=\"text-align: left;\">Andr\u00e9 Maciel<\/h4>\r\n<p>[\/vc_column_text][vc_column_text css=&#8221;&#8221;]<span class=\"paragraph-uppercase\">Fundador das Hortas LX, especialista em permacultura urbana<\/span>[\/vc_column_text][\/vc_column_inner][vc_column_inner width=&#8221;1\/4&#8243;][vc_single_image image=&#8221;2737&#8243; img_size=&#8221;full&#8221; alignment=&#8221;center&#8221; css=&#8221;.vc_custom_1770648086527{margin-bottom: 20px !important;}&#8221;][vc_column_text css=&#8221;&#8221;]<\/p>\r\n<h4 style=\"text-align: left;\">Rodrigo Borralho<\/h4>\r\n<p>[\/vc_column_text][vc_column_text css=&#8221;&#8221;]<span class=\"paragraph-uppercase\">Especialista em agrofloresta<\/span>[\/vc_column_text][\/vc_column_inner][vc_column_inner width=&#8221;1\/4&#8243;][vc_single_image image=&#8221;2733&#8243; img_size=&#8221;full&#8221; alignment=&#8221;center&#8221; css=&#8221;.vc_custom_1770648095694{margin-bottom: 20px !important;}&#8221;][vc_column_text css=&#8221;&#8221;]<\/p>\r\n<h4 style=\"text-align: left;\">Joaquim Espada<\/h4>\r\n<p>[\/vc_column_text][vc_column_text css=&#8221;&#8221;]<span class=\"paragraph-uppercase\">Fundador da BioVilla, especialista em agricultura sintr\u00f3pica<\/span>[\/vc_column_text][\/vc_column_inner][vc_column_inner width=&#8221;1\/4&#8243;][vc_single_image image=&#8221;2735&#8243; img_size=&#8221;full&#8221; alignment=&#8221;center&#8221; css=&#8221;.vc_custom_1770648104423{margin-bottom: 20px !important;}&#8221;][vc_column_text css=&#8221;&#8221;]<\/p>\r\n<h4 style=\"text-align: left;\">Marta Caras Lindas<\/h4>\r\n<p>[\/vc_column_text][vc_column_text css=&#8221;&#8221;]<span class=\"paragraph-uppercase\">Natural Chef<\/span>[\/vc_column_text][\/vc_column_inner][\/vc_row_inner][\/vc_column][\/vc_row][vc_row el_id=&#8221;comunicacao&#8221; el_class=&#8221;team-members-box&#8221;][vc_column][vc_row_inner][vc_column_inner][vc_column_text css=&#8221;.vc_custom_1764152828715{margin-bottom: 60px !important;}&#8221;]<\/p>\r\n<h2 style=\"text-align: center;\">A nossa equipa<br \/>de <span class=\"underline-svg\">comunica\u00e7\u00e3o<\/span><\/h2>\r\n<p>[\/vc_column_text][\/vc_column_inner][\/vc_row_inner][vc_row_inner gap=&#8221;20&#8243; css=&#8221;.vc_custom_1763466048632{margin-right: 0px !important;margin-left: 0px !important;}&#8221; el_class=&#8221;testemunhos-cards&#8221;][vc_column_inner el_class=&#8221;new-testemunhos-card&#8221; width=&#8221;1\/4&#8243;][vc_single_image image=&#8221;2743&#8243; img_size=&#8221;full&#8221; alignment=&#8221;center&#8221; css=&#8221;.vc_custom_1770648051769{margin-bottom: 20px !important;}&#8221;][vc_column_text css=&#8221;&#8221;]<\/p>\r\n<h4 style=\"text-align: left;\">Carolina Cantante<\/h4>\r\n<p>[\/vc_column_text][vc_column_text css=&#8221;&#8221;]<span class=\"paragraph-uppercase\">Designer Gr\u00e1fica<\/span>[\/vc_column_text][\/vc_column_inner][vc_column_inner width=&#8221;1\/4&#8243;][vc_single_image image=&#8221;2741&#8243; img_size=&#8221;full&#8221; alignment=&#8221;center&#8221; css=&#8221;.vc_custom_1770648061688{margin-bottom: 20px !important;}&#8221;][vc_column_text css=&#8221;&#8221;]<\/p>\r\n<h4 style=\"text-align: left;\">Paula Cosme Pinto<\/h4>\r\n<p>[\/vc_column_text][vc_column_text css=&#8221;&#8221;]<span class=\"paragraph-uppercase\">Rela\u00e7\u00f5es P\u00fablicas<\/span>[\/vc_column_text][\/vc_column_inner][vc_column_inner width=&#8221;1\/4&#8243;][vc_single_image image=&#8221;2260&#8243; img_size=&#8221;full&#8221; alignment=&#8221;center&#8221; css=&#8221;.vc_custom_1770222438414{margin-bottom: 20px !important;}&#8221;][vc_column_text css=&#8221;&#8221;]<\/p>\r\n<h4 style=\"text-align: left;\">Diana Almeida<\/h4>\r\n<p>[\/vc_column_text][vc_column_text css=&#8221;&#8221;]<span class=\"paragraph-uppercase\">Gest\u00e3o de Redes Sociais<\/span>[\/vc_column_text][\/vc_column_inner][vc_column_inner width=&#8221;1\/4&#8243;][vc_single_image image=&#8221;2707&#8243; img_size=&#8221;full&#8221; alignment=&#8221;center&#8221; css=&#8221;.vc_custom_1770395980202{margin-bottom: 20px !important;}&#8221;][vc_column_text css=&#8221;&#8221;]<\/p>\r\n<h4 style=\"text-align: left;\">Ricardo Greg\u00f3rio<\/h4>\r\n<p>[\/vc_column_text][vc_column_text css=&#8221;&#8221;]<span class=\"paragraph-uppercase\">Respons\u00e1vel de Audiovisuais<\/span>[\/vc_column_text][\/vc_column_inner][\/vc_row_inner][\/vc_column][\/vc_row][vc_row el_id=&#8221;timeline&#8221; css=&#8221;.vc_custom_1764152857056{background-color: #F0E8D9 !important;}&#8221;][vc_column][vc_column_text css=&#8221;.vc_custom_1764152747536{margin-bottom: 52px !important;}&#8221;]<\/p>\r\n<h2 style=\"text-align: center;\"><span class=\"underline-svg\">A nossa hist\u00f3ria<\/span><\/h2>\r\n<p>[\/vc_column_text][vc_gutenberg css=&#8221;&#8221;]<\/p>\r\n<div class=\"wp-block-cp-timeline-content-timeline-block Cool-Content-Timeline\">\r\n<div class=\"cool-timeline-block-4eb01091-b7cb-40f6-98cd-5c83b1061c14\"><style>.cool-timeline-block-4eb01091-b7cb-40f6-98cd-5c83b1061c14 .cool-vertical-timeline-body{--ctlb-line-color: #22472e;--ctlb-icon-bg: #22472e;--ctlb-icon-box-size: 20px;--ctlb-middle-line-size: 1px;}<\/style>\r\n<div class=\"cool-vertical-timeline-body ctlb-wrapper both-sided right\">\r\n<div class=\"cool-timeline-block-list\">\r\n<div class=\"wp-block-cp-timeline-content-timeline-block-child swiper-slide\">\r\n<div class=\"timeline-content icon-false \">\r\n<div class=\"timeline-block-timeline ctl-row position-left\">\r\n<div class=\"ctl-6 timeline-block-time\">\r\n<div class=\"story-time\">\r\n<p>2020<\/p>\r\n<\/div>\r\n<\/div>\r\n<div class=\"timeline-block-icon\">\u00a0<\/div>\r\n<div class=\"ctl-6 timeline-block-detail\">\r\n<div class=\"story-details\">\r\n<div class=\"story-content\">\r\n<figure class=\"wp-block-image size-full ctlb-block-image\"><img decoding=\"async\" width=\"1707\" height=\"2560\" class=\"wp-image-3067\" style=\"aspect-ratio: 4\/3; object-fit: cover;\" src=\"https:\/\/upfarming.org\/wp-content\/uploads\/2026\/03\/Founders-scaled.jpg\" alt=\"\" srcset=\"https:\/\/upfarming.org\/wp-content\/uploads\/2026\/03\/Founders-scaled.jpg 1707w, https:\/\/upfarming.org\/wp-content\/uploads\/2026\/03\/Founders-200x300.jpg 200w, https:\/\/upfarming.org\/wp-content\/uploads\/2026\/03\/Founders-683x1024.jpg 683w, https:\/\/upfarming.org\/wp-content\/uploads\/2026\/03\/Founders-768x1152.jpg 768w, https:\/\/upfarming.org\/wp-content\/uploads\/2026\/03\/Founders-1024x1536.jpg 1024w, https:\/\/upfarming.org\/wp-content\/uploads\/2026\/03\/Founders-1365x2048.jpg 1365w, https:\/\/upfarming.org\/wp-content\/uploads\/2026\/03\/Founders-848x1272.jpg 848w, https:\/\/upfarming.org\/wp-content\/uploads\/2026\/03\/Founders-1140x1710.jpg 1140w, https:\/\/upfarming.org\/wp-content\/uploads\/2026\/03\/Founders-1170x1755.jpg 1170w, https:\/\/upfarming.org\/wp-content\/uploads\/2026\/03\/Founders-1920x2880.jpg 1920w\" sizes=\"(max-width: 1707px) 100vw, 1707px\" \/><\/figure>\r\n\r\n\r\n\r\n<h3 class=\"wp-block-heading ctlb-block-title\" style=\"padding: 0px;\"><strong>Funda\u00e7\u00e3o da Upfarming<\/strong><\/h3>\r\n\r\n\r\n\r\n<p class=\"ctlb-block-desc\" style=\"padding: 0px;\">A Upfarming foi co-fundada pelo Tiago S\u00e1 Gomes, pela Margarida Villas-Boas e pelo Bruno Lacey em junho de 2020, com a miss\u00e3o de tornar as cidades mais sustent\u00e1veis e comest\u00edveis.<\/p>\r\n<p><\/p>\r\n<\/div>\r\n<\/div>\r\n<\/div>\r\n<\/div>\r\n<\/div>\r\n<\/div>\r\n\r\n\r\n\r\n<div class=\"wp-block-cp-timeline-content-timeline-block-child swiper-slide\">\r\n<div class=\"timeline-content icon-false \">\r\n<div class=\"timeline-block-timeline ctl-row position-right\">\r\n<div class=\"ctl-6 timeline-block-time\">\r\n<div class=\"story-time\">\r\n<p>2021<\/p>\r\n<\/div>\r\n<\/div>\r\n<div class=\"timeline-block-icon\">\u00a0<\/div>\r\n<div class=\"ctl-6 timeline-block-detail\">\r\n<div class=\"story-details\">\r\n<div class=\"story-content\">\r\n<figure class=\"wp-block-image size-full ctlb-block-image\"><img decoding=\"async\" width=\"540\" height=\"360\" class=\"wp-image-1879\" style=\"aspect-ratio: 4\/3; object-fit: cover;\" src=\"https:\/\/upfarming.org\/wp-content\/uploads\/2025\/11\/upfarming_timeline_exemplo2.jpg\" alt=\"\" srcset=\"https:\/\/upfarming.org\/wp-content\/uploads\/2025\/11\/upfarming_timeline_exemplo2.jpg 540w, https:\/\/upfarming.org\/wp-content\/uploads\/2025\/11\/upfarming_timeline_exemplo2-300x200.jpg 300w\" sizes=\"(max-width: 540px) 100vw, 540px\" \/><\/figure>\r\n\r\n\r\n\r\n<h3 class=\"wp-block-heading ctlb-block-title\" style=\"padding: 0px;\"><strong>Estufa Comunit\u00e1ria de Alvalade<\/strong><\/h3>\r\n\r\n\r\n\r\n<p class=\"ctlb-block-desc\" style=\"padding: 0px;\">A Estufa Comunit\u00e1ria de Alvalade foi o primeiro projeto da Upfarming. De \u00edndole comunit\u00e1ria, pretendia estimular as rela\u00e7\u00f5es de vizinhan\u00e7a por interm\u00e9dio da produ\u00e7\u00e3o coletiva de alimentos.<\/p>\r\n<p><\/p>\r\n<\/div>\r\n<\/div>\r\n<\/div>\r\n<\/div>\r\n<\/div>\r\n<\/div>\r\n\r\n\r\n\r\n<div class=\"wp-block-cp-timeline-content-timeline-block-child swiper-slide\">\r\n<div class=\"timeline-content icon-false \">\r\n<div class=\"timeline-block-timeline ctl-row position-left\">\r\n<div class=\"ctl-6 timeline-block-time\">\r\n<div class=\"story-time\">\r\n<p>2022<\/p>\r\n<\/div>\r\n<\/div>\r\n<div class=\"timeline-block-icon\">\u00a0<\/div>\r\n<div class=\"ctl-6 timeline-block-detail\">\r\n<div class=\"story-details\">\r\n<div class=\"story-content\">\r\n<figure class=\"wp-block-image size-full ctlb-block-image\"><img decoding=\"async\" width=\"540\" height=\"360\" class=\"wp-image-1885\" style=\"aspect-ratio: 4\/3; object-fit: cover;\" src=\"https:\/\/upfarming.org\/wp-content\/uploads\/2025\/11\/upfarming_timeline_exemplo5.jpg\" alt=\"\" srcset=\"https:\/\/upfarming.org\/wp-content\/uploads\/2025\/11\/upfarming_timeline_exemplo5.jpg 540w, https:\/\/upfarming.org\/wp-content\/uploads\/2025\/11\/upfarming_timeline_exemplo5-300x200.jpg 300w\" sizes=\"(max-width: 540px) 100vw, 540px\" \/><\/figure>\r\n\r\n\r\n\r\n<h3 class=\"wp-block-heading ctlb-block-title\" style=\"padding: 0px;\"><strong>EB Dom Lu\u00eds da Cunha<\/strong><\/h3>\r\n\r\n\r\n\r\n<p class=\"ctlb-block-desc\" style=\"padding: 0px;\">Primeiro projeto da Upfarming em contexto escolar. Neste projeto, trabalhamos com a comunidade escolar, em particular, com alunos e professores as tem\u00e1ticas da literacia alimentar e ambiental.<\/p>\r\n<p><\/p>\r\n<\/div>\r\n<\/div>\r\n<\/div>\r\n<\/div>\r\n<\/div>\r\n<\/div>\r\n\r\n\r\n\r\n<div class=\"wp-block-cp-timeline-content-timeline-block-child swiper-slide\">\r\n<div class=\"timeline-content icon-false \">\r\n<div class=\"timeline-block-timeline ctl-row position-right\">\r\n<div class=\"ctl-6 timeline-block-time\">\r\n<div class=\"story-time\">\r\n<p>2023<\/p>\r\n<\/div>\r\n<\/div>\r\n<div class=\"timeline-block-icon\">\u00a0<\/div>\r\n<div class=\"ctl-6 timeline-block-detail\">\r\n<div class=\"story-details\">\r\n<div class=\"story-content\">\r\n<figure class=\"wp-block-image size-full ctlb-block-image\"><img decoding=\"async\" width=\"540\" height=\"360\" class=\"wp-image-1883\" style=\"aspect-ratio: 4\/3; object-fit: cover;\" src=\"https:\/\/upfarming.org\/wp-content\/uploads\/2025\/11\/upfarming_timeline_exemplo4.jpg\" alt=\"\" srcset=\"https:\/\/upfarming.org\/wp-content\/uploads\/2025\/11\/upfarming_timeline_exemplo4.jpg 540w, https:\/\/upfarming.org\/wp-content\/uploads\/2025\/11\/upfarming_timeline_exemplo4-300x200.jpg 300w\" sizes=\"(max-width: 540px) 100vw, 540px\" \/><\/figure>\r\n\r\n\r\n\r\n<h3 class=\"wp-block-heading ctlb-block-title\" style=\"padding: 0px;\"><strong>EP Torres Novas<\/strong><\/h3>\r\n\r\n\r\n\r\n<p class=\"ctlb-block-desc\" style=\"padding: 0px;\">Primeiro projeto da Upfarming em contexto prisional. Neste projeto trabalh\u00e1mos com as pessoas privadas de liberdade, com o intuito primordial de contribuir para a sua reinser\u00e7\u00e3o social.<\/p>\r\n<p><\/p>\r\n<\/div>\r\n<\/div>\r\n<\/div>\r\n<\/div>\r\n<\/div>\r\n<\/div>\r\n\r\n\r\n\r\n<div class=\"wp-block-cp-timeline-content-timeline-block-child swiper-slide\">\r\n<div class=\"timeline-content icon-false \">\r\n<div class=\"timeline-block-timeline ctl-row position-left\">\r\n<div class=\"ctl-6 timeline-block-time\">\r\n<div class=\"story-time\">\r\n<p>2024<\/p>\r\n<\/div>\r\n<\/div>\r\n<div class=\"timeline-block-icon\">\u00a0<\/div>\r\n<div class=\"ctl-6 timeline-block-detail\">\r\n<div class=\"story-details\">\r\n<div class=\"story-content\">\r\n<figure class=\"wp-block-image size-full ctlb-block-image\"><img decoding=\"async\" width=\"540\" height=\"360\" class=\"wp-image-1881\" style=\"aspect-ratio: 4\/3; object-fit: cover;\" src=\"https:\/\/upfarming.org\/wp-content\/uploads\/2025\/11\/upfarming_timeline_exemplo3.jpg\" alt=\"\" srcset=\"https:\/\/upfarming.org\/wp-content\/uploads\/2025\/11\/upfarming_timeline_exemplo3.jpg 540w, https:\/\/upfarming.org\/wp-content\/uploads\/2025\/11\/upfarming_timeline_exemplo3-300x200.jpg 300w\" sizes=\"(max-width: 540px) 100vw, 540px\" \/><\/figure>\r\n\r\n\r\n\r\n<h3 class=\"wp-block-heading ctlb-block-title\" style=\"padding: 0px;\"><strong>Hospital J\u00falio de Matos<\/strong><\/h3>\r\n\r\n\r\n\r\n<p class=\"ctlb-block-desc\" style=\"padding: 0px;\">Primeiro projeto da Upfarming em contexto hospitalar. O projeto decorre na ala de psiquiatria forense, na qual trabalhamos com 44 utentes com doen\u00e7a mental, com o objetivo de contribuir para o seu processo terap\u00eautico.<\/p>\r\n<p><\/p>\r\n<\/div>\r\n<\/div>\r\n<\/div>\r\n<\/div>\r\n<\/div>\r\n<\/div>\r\n\r\n\r\n\r\n<div class=\"wp-block-cp-timeline-content-timeline-block-child swiper-slide\">\r\n<div class=\"timeline-content icon-false \">\r\n<div class=\"timeline-block-timeline ctl-row position-right\">\r\n<div class=\"ctl-6 timeline-block-time\">\r\n<div class=\"story-time\">\r\n<p>2025<\/p>\r\n<\/div>\r\n<\/div>\r\n<div class=\"timeline-block-icon\">\u00a0<\/div>\r\n<div class=\"ctl-6 timeline-block-detail\">\r\n<div class=\"story-details\">\r\n<div class=\"story-content\">\r\n<figure class=\"wp-block-image size-full ctlb-block-image\"><img decoding=\"async\" width=\"540\" height=\"360\" class=\"wp-image-1877\" style=\"aspect-ratio: 4\/3; object-fit: cover;\" src=\"https:\/\/upfarming.org\/wp-content\/uploads\/2025\/11\/upfarming_timeline_exemplo1.jpg\" alt=\"\" srcset=\"https:\/\/upfarming.org\/wp-content\/uploads\/2025\/11\/upfarming_timeline_exemplo1.jpg 540w, https:\/\/upfarming.org\/wp-content\/uploads\/2025\/11\/upfarming_timeline_exemplo1-300x200.jpg 300w\" sizes=\"(max-width: 540px) 100vw, 540px\" \/><\/figure>\r\n\r\n\r\n\r\n<h3 class=\"wp-block-heading ctlb-block-title\" style=\"padding: 0px;\"><strong>Pr\u00e9mio New European Bauhaus<\/strong><\/h3>\r\n\r\n\r\n\r\n<p class=\"ctlb-block-desc\" style=\"padding: 0px;\">O projeto desenvolvido pela Upfarming na Escola B\u00e1sica Dom Lu\u00eds da Cunha venceu o Pr\u00e9mio Europeu New European Bauhaus, que distingue projetos pela sua beleza, sustentabilidade e inclus\u00e3o.<\/p>\r\n<p><\/p>\r\n<\/div>\r\n<\/div>\r\n<\/div>\r\n<\/div>\r\n<\/div>\r\n<\/div>\r\n<p><\/p>\r\n<\/div>\r\n<\/div>\r\n<\/div>\r\n<\/div>\r\n<p>[\/vc_gutenberg][\/vc_column][\/vc_row][vc_row el_id=&#8221;merito&#8221; el_class=&#8221;merito-box&#8221;][vc_column][vc_row_inner][vc_column_inner][vc_column_text css=&#8221;.vc_custom_1773754613584{margin-bottom: 60px !important;}&#8221;]<\/p>\r\n<h2 style=\"text-align: center;\">Pr\u00e9mios e <span class=\"underline-svg\">Reconhecimento<\/span><\/h2>\r\n<p>[\/vc_column_text][\/vc_column_inner][\/vc_row_inner][vc_row_inner gap=&#8221;20&#8243; css=&#8221;.vc_custom_1763466048632{margin-right: 0px !important;margin-left: 0px !important;}&#8221; el_class=&#8221;testemunhos-cards&#8221;][vc_column_inner el_class=&#8221;new-testemunhos-card&#8221; width=&#8221;1\/4&#8243;][vc_single_image image=&#8221;2749&#8243; img_size=&#8221;full&#8221; alignment=&#8221;center&#8221; css=&#8221;.vc_custom_1770649006559{margin-bottom: 20px !important;}&#8221;][vc_column_text css=&#8221;&#8221;]<\/p>\r\n<h4 style=\"text-align: left;\">ONU \u2014 55.\u00aa Sess\u00e3o do Conselho de Direitos Humanos<\/h4>\r\n<p>[\/vc_column_text][vc_column_text css=&#8221;&#8221;]<\/p>\r\n<p>A ONU reconheceu a interven\u00e7\u00e3o da Upfarming no EP de Torres Novas como um exemplo de boas pr\u00e1ticas na sua 55.\u00aa Sess\u00e3o do Conselho de Direitos Humanos.<\/p>\r\n<p>[\/vc_column_text][\/vc_column_inner][vc_column_inner width=&#8221;1\/4&#8243;][vc_single_image image=&#8221;3132&#8243; img_size=&#8221;full&#8221; alignment=&#8221;center&#8221; css=&#8221;.vc_custom_1773754739230{margin-bottom: 20px !important;}&#8221;][vc_column_text css=&#8221;&#8221;]<\/p>\r\n<h4 style=\"text-align: left;\">Pr\u00e9mio BPI Funda\u00e7\u00e3o \u201cla Caixa\u201d Solid\u00e1rio 2022<\/h4>\r\n<p>[\/vc_column_text][vc_column_text css=&#8221;&#8221;]<\/p>\r\n<p>Pr\u00e9mio BPI Funda\u00e7\u00e3o \u201cla Caixa\u201d Solid\u00e1rio 2022 com o projecto \u201cSemear Esperan\u00e7a\u201d, antes designado \u201cHorticultura Vertical Solidariedade Horizontal\u201d, no Estabelecimento Prisional de Torres Novas<\/p>\r\n<p>[\/vc_column_text][\/vc_column_inner][vc_column_inner width=&#8221;1\/4&#8243;][vc_single_image image=&#8221;2871&#8243; img_size=&#8221;full&#8221; alignment=&#8221;center&#8221; css=&#8221;.vc_custom_1770726705228{margin-bottom: 20px !important;}&#8221;][vc_column_text css=&#8221;&#8221;]<\/p>\r\n<h4>Prison Achievement Award 2024 da Europris<\/h4>\r\n<p>[\/vc_column_text][vc_column_text css=&#8221;&#8221;]<\/p>\r\n<p>Prison Achievement Award 2024 da Europris, pr\u00e9mio internacional de inova\u00e7\u00e3o para projetos em sistemas prisionais no contexto europeu.<\/p>\r\n<p>[\/vc_column_text][\/vc_column_inner][vc_column_inner width=&#8221;1\/4&#8243;][vc_single_image image=&#8221;2751&#8243; img_size=&#8221;full&#8221; alignment=&#8221;center&#8221; css=&#8221;.vc_custom_1770649357009{margin-bottom: 20px !important;}&#8221;][vc_column_text css=&#8221;&#8221;]<\/p>\r\n<h4>Pr\u00e9mio Europeu New European Bauhaus<\/h4>\r\n<p>[\/vc_column_text][vc_column_text css=&#8221;&#8221;]<\/p>\r\n<p>O projeto &#8220;Da Escola para a Mesa&#8221; venceu o Pr\u00e9mio Europeu New European Bauhaus.<\/p>\r\n<p>[\/vc_column_text][\/vc_column_inner][\/vc_row_inner][\/vc_column][\/vc_row][vc_row equal_height=&#8221;yes&#8221; el_id=&#8221;new-faqs&#8221;][vc_column width=&#8221;1\/2&#8243; el_class=&#8221;new-faqs-image&#8221;][vc_single_image image=&#8221;2878&#8243; img_size=&#8221;full&#8221; css=&#8221;&#8221;][\/vc_column][vc_column width=&#8221;1\/2&#8243; el_class=&#8221;new-faqs-cards&#8221; el_id=&#8221;new-faqs-content&#8221;][vc_column_text css=&#8221;&#8221;]<\/p>\r\n<h2>Quer uma horta na sua institui\u00e7\u00e3o?<\/h2>\r\n<p>[\/vc_column_text][vc_column_text css=&#8221;&#8221;]Ajudamos a transformar espa\u00e7os dispon\u00edveis em hortas educativas, terap\u00eauticas ou produtivas, adaptadas \u00e0 realidade de cada organiza\u00e7\u00e3o.[\/vc_column_text]\n<div class=\"wpcf7 no-js\" id=\"wpcf7-f1404-o1\" lang=\"en-US\" dir=\"ltr\" data-wpcf7-id=\"1404\">\n<div class=\"screen-reader-response\"><p role=\"status\" aria-live=\"polite\" aria-atomic=\"true\"><\/p> <ul><\/ul><\/div>\n<form action=\"\/pt-pt\/wp-json\/wp\/v2\/pages\/1823#wpcf7-f1404-o1\" method=\"post\" class=\"wpcf7-form init\" aria-label=\"Contact form\" novalidate=\"novalidate\" data-status=\"init\">\n<fieldset class=\"hidden-fields-container\"><input type=\"hidden\" name=\"_wpcf7\" value=\"1404\" \/><input type=\"hidden\" name=\"_wpcf7_version\" value=\"6.1.5\" \/><input type=\"hidden\" name=\"_wpcf7_locale\" value=\"en_US\" \/><input type=\"hidden\" name=\"_wpcf7_unit_tag\" value=\"wpcf7-f1404-o1\" \/><input type=\"hidden\" name=\"_wpcf7_container_post\" value=\"0\" \/><input type=\"hidden\" name=\"_wpcf7_posted_data_hash\" value=\"\" \/><input type=\"hidden\" name=\"_wpcf7_recaptcha_response\" value=\"\" \/>\n<\/fieldset>\n<p><span class=\"wpcf7-form-control-wrap\" data-name=\"email-1\"><input size=\"40\" maxlength=\"400\" class=\"wpcf7-form-control wpcf7-email wpcf7-validates-as-required wpcf7-text wpcf7-validates-as-email\" aria-required=\"true\" aria-invalid=\"false\" placeholder=\"Email\" value=\"\" type=\"email\" name=\"email-1\" \/><\/span><br \/>\n<span class=\"wpcf7-form-control-wrap\" data-name=\"nome-1\"><input size=\"40\" maxlength=\"400\" class=\"wpcf7-form-control wpcf7-text wpcf7-validates-as-required\" aria-required=\"true\" aria-invalid=\"false\" placeholder=\"Institui\u00e7\u00e3o\" value=\"\" type=\"text\" name=\"nome-1\" \/><\/span><br \/>\n<span class=\"wpcf7-form-control-wrap\" data-name=\"mensagem-1\"><textarea cols=\"40\" rows=\"10\" maxlength=\"2000\" class=\"wpcf7-form-control wpcf7-textarea wpcf7-validates-as-required\" aria-required=\"true\" aria-invalid=\"false\" placeholder=\"Mensagem\" name=\"mensagem-1\"><\/textarea><\/span><br \/>\n<span class=\"wpcf7-form-control-wrap\" data-name=\"acceptance-15\"><span class=\"wpcf7-form-control wpcf7-acceptance optional\"><span class=\"wpcf7-list-item\"><label><input type=\"checkbox\" name=\"acceptance-15\" value=\"1\" aria-invalid=\"false\" \/><span class=\"wpcf7-list-item-label\">Declaro que\u00a0li e compreendi\u00a0a informa\u00e7\u00e3o relativa \u00e0 <a href=\"https:\/\/upfarming.org\/pt-pt\/politica-de-privacidade\/\">recolha dos meus dados pessoais<\/a> pela Upfarming.<\/span><\/label><\/span><\/span><\/span>\n<\/p>\n<p><input class=\"wpcf7-form-control wpcf7-submit has-spinner\" type=\"submit\" value=\"Enviar\" \/>\n<\/p><div class=\"wpcf7-response-output\" aria-hidden=\"true\"><\/div>\n<\/form>\n<\/div>\n[\/vc_column][\/vc_row]<\/p><\/div>","protected":false},"excerpt":{"rendered":"<p>[vc_row full_height=&#8221;yes&#8221; content_placement=&#8221;middle&#8221; el_id=&#8221;new-hero&#8221; el_class=&#8221;hero-box&#8221;][vc_column width=&#8221;5\/12&#8243;][vc_column_text css=&#8221;&#8221;] CompromissoUpfarming [\/vc_column_text][vc_column_text css=&#8221;&#8221;] A miss\u00e3o da Upfarming \u00e9 promover a literacia alimentar, o desenvolvimento comunit\u00e1rio e o bem-estar urbano atrav\u00e9s de projetos hol\u00edsticos de agricultura urbana. [\/vc_column_text][vc_column_text css=&#8221;&#8221;]A nossa vis\u00e3o \u00e9 transformar as cidades em espa\u00e7os comest\u00edveis, combinando a produtividade da agricultura vertical com os benef\u00edcios terap\u00eauticos das [&hellip;]<\/p>\n","protected":false},"author":4,"featured_media":0,"parent":0,"menu_order":0,"comment_status":"closed","ping_status":"closed","template":"","meta":{"_acf_changed":false,"footnotes":""},"class_list":["post-1823","page","type-page","status-publish","hentry"],"acf":[],"_links":{"self":[{"href":"https:\/\/upfarming.org\/pt-pt\/wp-json\/wp\/v2\/pages\/1823","targetHints":{"allow":["GET"]}}],"collection":[{"href":"https:\/\/upfarming.org\/pt-pt\/wp-json\/wp\/v2\/pages"}],"about":[{"href":"https:\/\/upfarming.org\/pt-pt\/wp-json\/wp\/v2\/types\/page"}],"author":[{"embeddable":true,"href":"https:\/\/upfarming.org\/pt-pt\/wp-json\/wp\/v2\/users\/4"}],"replies":[{"embeddable":true,"href":"https:\/\/upfarming.org\/pt-pt\/wp-json\/wp\/v2\/comments?post=1823"}],"version-history":[{"count":67,"href":"https:\/\/upfarming.org\/pt-pt\/wp-json\/wp\/v2\/pages\/1823\/revisions"}],"predecessor-version":[{"id":3181,"href":"https:\/\/upfarming.org\/pt-pt\/wp-json\/wp\/v2\/pages\/1823\/revisions\/3181"}],"wp:attachment":[{"href":"https:\/\/upfarming.org\/pt-pt\/wp-json\/wp\/v2\/media?parent=1823"}],"curies":[{"name":"wp","href":"https:\/\/api.w.org\/{rel}","templated":true}]}}